{"version":"1.0","type":"rich","provider_name":"Site Pagestec","provider_url":"https:\/\/www.pagestec.org","title":"&#171;&nbsp;\u00c9clairer pour avancer&nbsp;&#187;&nbsp;: une campagne de sensibilisation aux enjeux de l\u2019\u00e9clairage public","author_name":"Daniel Morgenstern","width":"480","height":"295","url":"https:\/\/www.pagestec.org\/article1422.html","html":"\u003Ch4 class='title'\u003E\u003Ca href='https:\/\/www.pagestec.org\/article1422.html'\u003E&#171;&nbsp;\u00c9clairer pour avancer&nbsp;&#187;&nbsp;: une campagne de sensibilisation aux enjeux de l\u2019\u00e9clairage public\u003C\/a\u003E\u003C\/h4\u003E\u003Cblockquote class='spip'\u003E\n\u003Cp\u003E75&nbsp;% des installations d\u2019\u00e9clairage public en France ont plus de 25 ans. Cet \u00e9clairage vieillissant p\u00e8se lourdement sur le budget des communes&nbsp;: il repr\u00e9sente 48&nbsp;% de la facture d\u2019\u00e9lectricit\u00e9 des petites communes. \n\u003Cbr class='autobr' \/\u003E\nD\u00e9couvrez le r\u00e9sultat de cette exp\u00e9rience en vid\u00e9o sur www.EclairerPourAvancer.com. \n\u003Cbr class='autobr' \/\u003E\n(source initiale http:\/\/www.efficycle.fr\/wp-content\/uploads\/veilles\/EFFINEWS\/BATI\/95\/index.html#14)Daniel Morgenstern\u2019s insight:Un des enseignements de cette vid\u00e9o est que chacun de nous prend conscience qu\u2019il&nbsp;(...)\u003C\/p\u003E\n\u003C\/blockquote\u003E\n"}