{"version":"1.0","type":"rich","provider_name":"Site Pagestec","provider_url":"https:\/\/www.pagestec.org","title":"Plastiques, conserves,\u2026&nbsp;: que deviennent les d\u00e9chets que l\u2019on trie&nbsp;?","author_name":"Daniel Morgenstern","width":"480","height":"295","url":"https:\/\/www.pagestec.org\/article1661.html","html":"\u003Ch4 class='title'\u003E\u003Ca href='https:\/\/www.pagestec.org\/article1661.html'\u003EPlastiques, conserves,\u2026&nbsp;: que deviennent les d\u00e9chets que l\u2019on trie&nbsp;?\u003C\/a\u003E\u003C\/h4\u003E\u003Cblockquote class='spip'\u003E\n\u003Cp\u003ELorsqu\u2019en 1974, les premiers collecteurs de verre ont \u00e9t\u00e9 install\u00e9s, ce sont les \u00e9conomies d\u2019\u00e9nergie qui motivaient les pionniers du recyclage des d\u00e9chets que l\u2019on trie&nbsp;: fondre du verre exige moins de chaleur que fondre des mati\u00e8res premi\u00e8res. Quarante ans plus tard, le tri s\u00e9lectif s\u2019est \u2026 \n\u003Cbr class='autobr' \/\u003E\nDaniel Morgenstern\u2019s insight :Encore un article sur le recyclage en France me direz-vous.Celui-ci est assez clair pour servir de ressource aux \u00e9l\u00e8ves lors de la pr\u00e9paration d\u2019un expos\u00e9, d\u2019un EPI ou d\u2019une \u00e9tude des&nbsp;(...)\u003C\/p\u003E\n\u003C\/blockquote\u003E\n"}