{"version":"1.0","type":"rich","provider_name":"Site Pagestec","provider_url":"https:\/\/www.pagestec.org","title":"Mes datas et moi - R\u00e9seaux sociaux - MAIF pr\u00e9vention","author_name":"Daniel Morgenstern","width":"480","height":"295","url":"https:\/\/www.pagestec.org\/article1743.html","html":"\u003Ch4 class='title'\u003E\u003Ca href='https:\/\/www.pagestec.org\/article1743.html'\u003EMes datas et moi - R\u00e9seaux sociaux - MAIF pr\u00e9vention\u003C\/a\u003E\u003C\/h4\u003E\u003Cblockquote class='spip'\u003E\n\u003Cp\u003ENe pas combattre les usages, mais les accompagner.  \n\u003Cbr class='autobr' \/\u003E\nConscients des enjeux en mati\u00e8re d\u2019image sur internet, la MAIF et Reputation Squad se sont associ\u00e9s pour proposer une d\u00e9marche p\u00e9dagogique interactive \u00e0 l\u2019intention de tous.  \n\u003Cbr class='autobr' \/\u003E\nDaniel Morgenstern\u2019s insight :Si vous \u00eates sur Twitter ou Facebook, vous pouvez aussi faire le test https:\/\/mesdatasetmoi-reseauxsociaux.fr\/test\/login       (merci \u00e0 Fran\u00e7ois Blaise d\u2019avoir envoy\u00e9 le lien sur Pagestec) See it on Scoop.it, via Ressources pour la Technologie au&nbsp;(...)\u003C\/p\u003E\n\u003C\/blockquote\u003E\n"}