{"version":"1.0","type":"rich","provider_name":"Site Pagestec","provider_url":"https:\/\/www.pagestec.org","title":"Coll\u00e8ge&nbsp;: en 6\u1d49, la nouvelle heure de soutien se fera au d\u00e9triment de la technologie","author_name":"Pagestec","width":"480","height":"295","url":"https:\/\/www.pagestec.org\/article4031.html","html":"\u003Ch4 class='title'\u003E\u003Ca href='https:\/\/www.pagestec.org\/article4031.html'\u003EColl\u00e8ge&nbsp;: en 6\u1d49, la nouvelle heure de soutien se fera au d\u00e9triment de la technologie\u003C\/a\u003E\u003C\/h4\u003E\u003Cblockquote class='spip'\u003E\n\u003Cp\u003ELes craintes de Pagestec relev\u00e9es dans cet article du journal Le Monde du 12 janvier&nbsp;: \n\u003Cbr class='autobr' \/\u003E\n&#171;&nbsp;Repenser l\u2019enseignement de la technologie&nbsp;&#187; \n\u003Cbr class='autobr' \/\u003E\nL\u2019hypoth\u00e8se d\u2019un affaiblissement de cette discipline au coll\u00e8ge inqui\u00e9tait les professeurs depuis plusieurs mois. L\u2019association pour le d\u00e9veloppement, la promotion et la d\u00e9fense de la discipline technologie au coll\u00e8ge (Pagestec) avait \u00e9crit au ministre, d\u00e9but d\u00e9cembre 2022, pour lui demander des \u00e9claircissements quant \u00e0 ses intentions dans le cadre des futures r\u00e9formes.&nbsp;(...)\u003C\/p\u003E\n\u003C\/blockquote\u003E\n"}