{"version":"1.0","type":"rich","provider_name":"Site Pagestec","provider_url":"https:\/\/www.pagestec.org","title":"Le fer, alli\u00e9 de la pierre d\u00e8s la conception des cath\u00e9drales gothiques","author_name":"Daniel Morgenstern","width":"480","height":"295","url":"https:\/\/www.pagestec.org\/article463.html","html":"\u003Ch4 class='title'\u003E\u003Ca href='https:\/\/www.pagestec.org\/article463.html'\u003ELe fer, alli\u00e9 de la pierre d\u00e8s la conception des cath\u00e9drales gothiques\u003C\/a\u003E\u003C\/h4\u003E\u003Cblockquote class='spip'\u003E\n\u003Cp\u003EEn datant par carbone 14 les pi\u00e8ces m\u00e9talliques retrouv\u00e9es dans les cath\u00e9drales gothiques, une \u00e9quipe interdisciplinaire vient de d\u00e9montrer, pour la premi\u00e8re fois, par une datation absolue, que le fer \u00e9tait introduit en renfort de la pierre d\u00e8s l\u2019\u00e9tape de construction. Cette \u00e9tude, (..) \u00e9claire d\u2019un jour (...)\u003C\/p\u003E\n\u003C\/blockquote\u003E\n"}