{"version":"1.0","type":"rich","provider_name":"Site Pagestec","provider_url":"https:\/\/www.pagestec.org","title":"Technologie au coll\u00e8ge&nbsp;: il faut r\u00e9tablir la technologie en 6\u00e8me&nbsp;!","author_name":"Pagestec","width":"480","height":"295","url":"https:\/\/www.pagestec.org\/article4845.html","html":"\u003Ch4 class='title'\u003E\u003Ca href='https:\/\/www.pagestec.org\/article4845.html'\u003ETechnologie au coll\u00e8ge&nbsp;: il faut r\u00e9tablir la technologie en 6\u00e8me&nbsp;!\u003C\/a\u003E\u003C\/h4\u003E\u003Cblockquote class='spip'\u003E\n\u003Cp\u003EDepuis deux ans, les d\u00e9cisions minist\u00e9rielles s\u2019accumulent au d\u00e9triment de la Technologie au coll\u00e8ge. Et comme pour les groupes de niveau \u2013 dont le SNES-FSU n\u2019a cess\u00e9 de rappeler qu\u2019ils fragilisaient le service public d\u2019\u00e9ducation sans jamais am\u00e9liorer les apprentissages \u2013 la politique men\u00e9e \u00e0 l\u2019\u00e9gard de la Technologie suit la m\u00eame logique&nbsp;: d\u00e9sorganisation, absence de vision p\u00e9dagogique, coupes budg\u00e9taires et m\u00e9pris des personnels.  \n\u003Cbr class='autobr' \/\u003E\nLes t\u00e9moignages des coll\u00e8gues, comme la r\u00e9cente interpellation de&nbsp;(...)\u003C\/p\u003E\n\u003C\/blockquote\u003E\n"}