{"version":"1.0","type":"rich","provider_name":"Site Pagestec","provider_url":"https:\/\/www.pagestec.org","title":"Groupes de besoin&nbsp;: les coll\u00e8ges auront la possibilit\u00e9 de les conserver, avec des moyens maintenus","author_name":"Elsa Doladille","width":"480","height":"295","url":"https:\/\/www.pagestec.org\/article4853.html","html":"\u003Ch4 class='title'\u003E\u003Ca href='https:\/\/www.pagestec.org\/article4853.html'\u003EGroupes de besoin&nbsp;: les coll\u00e8ges auront la possibilit\u00e9 de les conserver, avec des moyens maintenus\u003C\/a\u003E\u003C\/h4\u003E\u003Cblockquote class='spip'\u003E\n\u003Cp\u003EEdouard Geffray a confirm\u00e9 que les groupes de besoin deviendront facultatifs \u00e0 la rentr\u00e9e 2026. Le projet de d\u00e9cret a \u00e9t\u00e9 pr\u00e9sent\u00e9 aux membres du CSE. L\u2019article Groupes de besoin&nbsp;: les coll\u00e8ges auront la possibilit\u00e9 de les conserver, avec des moyens maintenus est apparu en premier sur (...)\u003C\/p\u003E\n\u003C\/blockquote\u003E\n"}