{"version":"1.0","type":"rich","provider_name":"Site Pagestec","provider_url":"https:\/\/www.pagestec.org","title":"R\u00e9seaux sociaux et adolescence&nbsp;: alertes et pr\u00e9conisations","author_name":"Caf\u00e9 p\u00e9dagogique","width":"480","height":"295","url":"https:\/\/www.pagestec.org\/article4854.html","html":"\u003Ch4 class='title'\u003E\u003Ca href='https:\/\/www.pagestec.org\/article4854.html'\u003ER\u00e9seaux sociaux et adolescence&nbsp;: alertes et pr\u00e9conisations\u003C\/a\u003E\u003C\/h4\u003E\u003Cblockquote class='spip'\u003E\n\u003Cp\u003ELes indicateurs de sant\u00e9 mentale des jeunes sont pr\u00e9occupants. Une expertise pluridisciplinaire de l\u2019Anses (l\u2019Agence nationale de se\u0301curite\u0301 sanitaire de l\u2019alimentation, de l\u2019environnement et du travail) \u00e9tablit un lien entre L\u2019article R\u00e9seaux sociaux et adolescence&nbsp;: alertes et pr\u00e9conisations est apparu (...)\u003C\/p\u003E\n\u003C\/blockquote\u003E\n"}