{"version":"1.0","type":"rich","provider_name":"Site Pagestec","provider_url":"https:\/\/www.pagestec.org","title":"Safer Internet Days 2026&nbsp;: Le Bien-\u00eatre Num\u00e9rique des Jeunes au C\u0153ur du D\u00e9bat","author_name":"","width":"480","height":"295","url":"https:\/\/www.pagestec.org\/article4865.html","html":"\u003Ch4 class='title'\u003E\u003Ca href='https:\/\/www.pagestec.org\/article4865.html'\u003ESafer Internet Days 2026&nbsp;: Le Bien-\u00eatre Num\u00e9rique des Jeunes au C\u0153ur du D\u00e9bat\u003C\/a\u003E\u003C\/h4\u003E\u003Cblockquote class='spip'\u003E\n\u003Cp\u003ELe 10 f\u00e9vrier 2026 marquera le coup d\u2019envoi de la 23\u00e8me \u00e9dition des Safer Internet Days (SID). Alors que la place des \u00e9crans dans la vie des jeunes fait l\u2019objet de vifs d\u00e9bats l\u00e9gislatifs, cette nouvelle campagne opte pour une approche r\u00e9solument p\u00e9dagogique autour d\u2019une question simple mais essentielle&nbsp;: &#171;&nbsp;Les \u00e9crans et toi... comment \u00e7a va&nbsp;?&nbsp;&#187;. \n\u003Cbr class='autobr' \/\u003E\nLe Safer Internet Day est l\u2019occasion de partager aupr\u00e8s des parents, des enseignants et des \u00e9ducateurs de nombreux outils pour accompagner les jeunes dans leur&nbsp;(...)\u003C\/p\u003E\n\u003C\/blockquote\u003E\n"}